{"id":831,"date":"2017-12-18T11:10:59","date_gmt":"2017-12-18T10:10:59","guid":{"rendered":"https:\/\/cidrekernebzh.monsiteroquette.com\/produit\/jus-de-pomme-keltys\/"},"modified":"2026-01-29T10:09:35","modified_gmt":"2026-01-29T09:09:35","slug":"jus-de-pomme-le_bio","status":"publish","type":"product","link":"https:\/\/www.cidre-kerne.bzh\/en\/produit\/jus-de-pomme-le_bio\/","title":{"rendered":"Jus de Pomme LE BIO Kern\u00e9"},"content":{"rendered":"","protected":false},"excerpt":{"rendered":"<p><strong>Savoureux et Intense<\/strong><br \/>\nLe <strong>jus de pomme LE BIO Kern\u00e9<\/strong>\u00a0se caract\u00e9rise par un l\u00e9ger trouble naturel et un go\u00fbt tr\u00e8s intense de pommes fra\u00eechement r\u00e9colt\u00e9es.<\/p>\n<p><strong><em>Ce jus de pomme remplace Le Keltys. Notre gamme Keltys \u00e9volue sous le nom Kern\u00e9 BIO. Ce changement met en valeur notre engagement en faveur de l\u2019agriculture biologique et renforce l\u2019identit\u00e9 de nos produits BIO, tout en maintenant leur authenticit\u00e9 et leur qualit\u00e9 artisanale.<\/em><\/strong><\/p>\n<p>Contenance : 1 L. &#8211; 100 % pur jus<br \/>\nCommande : par carton de 6 bouteilles<strong><br \/>\n<\/strong><\/p>\n<h3><strong>Prix pour 1 carton de 6 bouteilles<\/strong><\/h3>\n","protected":false},"featured_media":11851,"comment_status":"closed","ping_status":"closed","template":"","meta":{"_acf_changed":false,"_seopress_robots_primary_cat":"none","_seopress_titles_title":"","_seopress_titles_desc":"","_seopress_robots_index":""},"product_brand":[],"product_cat":[49],"product_tag":[],"class_list":{"0":"post-831","1":"product","2":"type-product","3":"status-publish","4":"has-post-thumbnail","6":"product_cat-jus-de-pomme","8":"first","9":"instock","10":"taxable","11":"shipping-taxable","12":"purchasable","13":"product-type-simple"},"acf":[],"_links":{"self":[{"href":"https:\/\/www.cidre-kerne.bzh\/en\/wp-json\/wp\/v2\/product\/831","targetHints":{"allow":["GET"]}}],"collection":[{"href":"https:\/\/www.cidre-kerne.bzh\/en\/wp-json\/wp\/v2\/product"}],"about":[{"href":"https:\/\/www.cidre-kerne.bzh\/en\/wp-json\/wp\/v2\/types\/product"}],"replies":[{"embeddable":true,"href":"https:\/\/www.cidre-kerne.bzh\/en\/wp-json\/wp\/v2\/comments?post=831"}],"wp:featuredmedia":[{"embeddable":true,"href":"https:\/\/www.cidre-kerne.bzh\/en\/wp-json\/wp\/v2\/media\/11851"}],"wp:attachment":[{"href":"https:\/\/www.cidre-kerne.bzh\/en\/wp-json\/wp\/v2\/media?parent=831"}],"wp:term":[{"taxonomy":"product_brand","embeddable":true,"href":"https:\/\/www.cidre-kerne.bzh\/en\/wp-json\/wp\/v2\/product_brand?post=831"},{"taxonomy":"product_cat","embeddable":true,"href":"https:\/\/www.cidre-kerne.bzh\/en\/wp-json\/wp\/v2\/product_cat?post=831"},{"taxonomy":"product_tag","embeddable":true,"href":"https:\/\/www.cidre-kerne.bzh\/en\/wp-json\/wp\/v2\/product_tag?post=831"}],"curies":[{"name":"wp","href":"https:\/\/api.w.org\/{rel}","templated":true}]}}